{"id":917,"date":"2022-10-14T12:10:02","date_gmt":"2022-10-14T12:10:02","guid":{"rendered":"https:\/\/young-entrepreneurs-guild.eu\/?page_id=917"},"modified":"2024-01-18T11:27:54","modified_gmt":"2024-01-18T11:27:54","slug":"parteneri","status":"publish","type":"page","link":"https:\/\/young-entrepreneurs-guild.eu\/?page_id=917&lang=ro","title":{"rendered":"PARTENERI"},"content":{"rendered":"\t\t<div data-elementor-type=\"wp-page\" data-elementor-id=\"917\" class=\"elementor elementor-917\">\n\t\t\t\t\t\t<section class=\"elementor-section elementor-top-section elementor-element elementor-element-174d057 elementor-section-boxed elementor-section-height-default elementor-section-height-default\" data-id=\"174d057\" data-element_type=\"section\" data-e-type=\"section\" data-settings=\"{&quot;background_background&quot;:&quot;classic&quot;}\">\n\t\t\t\t\t\t\t<div class=\"elementor-background-overlay\"><\/div>\n\t\t\t\t\t\t\t<div class=\"elementor-container elementor-column-gap-default\">\n\t\t\t\t\t<div class=\"elementor-column elementor-col-100 elementor-top-column elementor-element elementor-element-03a9590\" data-id=\"03a9590\" data-element_type=\"column\" data-e-type=\"column\">\n\t\t\t<div class=\"elementor-widget-wrap elementor-element-populated\">\n\t\t\t\t\t\t<div class=\"elementor-element elementor-element-3f91e7f elementor-widget elementor-widget-spacer\" data-id=\"3f91e7f\" data-element_type=\"widget\" data-e-type=\"widget\" data-widget_type=\"spacer.default\">\n\t\t\t\t<div class=\"elementor-widget-container\">\n\t\t\t\t\t\t\t<div class=\"elementor-spacer\">\n\t\t\t<div class=\"elementor-spacer-inner\"><\/div>\n\t\t<\/div>\n\t\t\t\t\t\t<\/div>\n\t\t\t\t<\/div>\n\t\t\t\t<div class=\"elementor-element elementor-element-6432bd2 elementor-widget elementor-widget-heading\" data-id=\"6432bd2\" data-element_type=\"widget\" data-e-type=\"widget\" data-widget_type=\"heading.default\">\n\t\t\t\t<div class=\"elementor-widget-container\">\n\t\t\t\t\t<h2 class=\"elementor-heading-title elementor-size-default\">Parteneriatul<\/h2>\t\t\t\t<\/div>\n\t\t\t\t<\/div>\n\t\t\t\t<div class=\"elementor-element elementor-element-8a5c9e3 elementor-widget-divider--view-line elementor-widget elementor-widget-divider\" data-id=\"8a5c9e3\" data-element_type=\"widget\" data-e-type=\"widget\" data-widget_type=\"divider.default\">\n\t\t\t\t<div class=\"elementor-widget-container\">\n\t\t\t\t\t\t\t<div class=\"elementor-divider\">\n\t\t\t<span class=\"elementor-divider-separator\">\n\t\t\t\t\t\t<\/span>\n\t\t<\/div>\n\t\t\t\t\t\t<\/div>\n\t\t\t\t<\/div>\n\t\t\t\t<div class=\"elementor-element elementor-element-b539597 elementor-widget elementor-widget-spacer\" data-id=\"b539597\" data-element_type=\"widget\" data-e-type=\"widget\" data-widget_type=\"spacer.default\">\n\t\t\t\t<div class=\"elementor-widget-container\">\n\t\t\t\t\t\t\t<div class=\"elementor-spacer\">\n\t\t\t<div class=\"elementor-spacer-inner\"><\/div>\n\t\t<\/div>\n\t\t\t\t\t\t<\/div>\n\t\t\t\t<\/div>\n\t\t\t\t<div class=\"elementor-element elementor-element-0aaf12d animated-slow elementor-invisible elementor-widget elementor-widget-image\" data-id=\"0aaf12d\" data-element_type=\"widget\" data-e-type=\"widget\" data-settings=\"{&quot;_animation&quot;:&quot;zoomInDown&quot;}\" data-widget_type=\"image.default\">\n\t\t\t\t<div class=\"elementor-widget-container\">\n\t\t\t\t\t\t\t\t\t\t\t\t\t\t\t\t<a href=\"http:\/\/centrumwolontariatu.eu\/\">\n\t\t\t\t\t\t\t<img decoding=\"async\" width=\"186\" height=\"186\" src=\"https:\/\/young-entrepreneurs-guild.eu\/wp-content\/uploads\/2022\/07\/logo-1.png\" class=\"attachment-large size-large wp-image-155\" alt=\"\" srcset=\"https:\/\/young-entrepreneurs-guild.eu\/wp-content\/uploads\/2022\/07\/logo-1.png 186w, https:\/\/young-entrepreneurs-guild.eu\/wp-content\/uploads\/2022\/07\/logo-1-150x150.png 150w\" sizes=\"(max-width: 186px) 100vw, 186px\" \/>\t\t\t\t\t\t\t\t<\/a>\n\t\t\t\t\t\t\t\t\t\t\t\t\t\t\t<\/div>\n\t\t\t\t<\/div>\n\t\t\t\t<div class=\"elementor-element elementor-element-1cc2661 elementor-widget elementor-widget-heading\" data-id=\"1cc2661\" data-element_type=\"widget\" data-e-type=\"widget\" data-widget_type=\"heading.default\">\n\t\t\t\t<div class=\"elementor-widget-container\">\n\t\t\t\t\t<h2 class=\"elementor-heading-title elementor-size-default\">Regionalne Centrum Wolontariatu \ud83c\uddf5\ud83c\uddf1<\/h2>\t\t\t\t<\/div>\n\t\t\t\t<\/div>\n\t\t\t\t<div class=\"elementor-element elementor-element-925a700 elementor-widget elementor-widget-spacer\" data-id=\"925a700\" data-element_type=\"widget\" data-e-type=\"widget\" data-widget_type=\"spacer.default\">\n\t\t\t\t<div class=\"elementor-widget-container\">\n\t\t\t\t\t\t\t<div class=\"elementor-spacer\">\n\t\t\t<div class=\"elementor-spacer-inner\"><\/div>\n\t\t<\/div>\n\t\t\t\t\t\t<\/div>\n\t\t\t\t<\/div>\n\t\t\t\t<div class=\"elementor-element elementor-element-a99ce56 elementor-widget elementor-widget-text-editor\" data-id=\"a99ce56\" data-element_type=\"widget\" data-e-type=\"widget\" data-widget_type=\"text-editor.default\">\n\t\t\t\t<div class=\"elementor-widget-container\">\n\t\t\t\t\t\t\t\t\t<p>Centrul Regional de Voluntariat este una dintre cele mai active organiza\u021bii neguvernamentale care opereaz\u0103 \u00een regiunea \u015awi\u0119tokrzyskie. De peste 10 ani, activitatea noastr\u0103 principal\u0103 este sprijinirea persoanelor care doresc s\u0103 devin\u0103 voluntari \u0219i intermedierea \u00eentre voluntari \u0219i organiza\u021bii care au nevoie de ajutor. Promov\u0103m voluntariatul, men\u021binem aplicarea legilor voluntarilor, ne oferim experien\u021ba \u0219i sfaturile \u0219i inspir\u0103m ac\u021biune. Centrul Regional de Voluntariat sus\u021bine, de asemenea, ini\u021biativele tinerilor \u0219i ofer\u0103 ateliere \u0219i training de \u00eenalt\u0103 calitate, precum \u0219i multe proiecte interna\u021bionale fantastice! Ini\u021biativele centrului nostru au o amploare vast\u0103. Coopereaz\u0103 cu organiza\u021bii culturale, de bun\u0103stare, sociale, sportive, studen\u021be\u0219ti, de mediu \u0219i institu\u021bii.<\/p><p>Ac\u021biunile noastre sunt concentrate \u00een principal pe 3 piloni: Voluntariat, Zona Tineretului \u0219i Activitate interna\u021bional\u0103. Misiunea Centrului Regional de Voluntariat este de a inspira \u0219i stimula activitatea civic\u0103 \u0219i de voluntariat \u00een r\u00e2ndul tinerilor pentru dezvoltarea societ\u0103\u021bii. Ne desf\u0103\u0219ur\u0103m activit\u0103\u021bile \u00een spiritul dialogului, ghida\u021bi de principiile respect\u0103rii drepturilor omului, dezvolt\u0103rii durabile \u0219i ideea de bine comun.<\/p>\t\t\t\t\t\t\t\t<\/div>\n\t\t\t\t<\/div>\n\t\t\t\t<div class=\"elementor-element elementor-element-2d19c54 elementor-widget elementor-widget-spacer\" data-id=\"2d19c54\" data-element_type=\"widget\" data-e-type=\"widget\" data-widget_type=\"spacer.default\">\n\t\t\t\t<div class=\"elementor-widget-container\">\n\t\t\t\t\t\t\t<div class=\"elementor-spacer\">\n\t\t\t<div class=\"elementor-spacer-inner\"><\/div>\n\t\t<\/div>\n\t\t\t\t\t\t<\/div>\n\t\t\t\t<\/div>\n\t\t\t\t<div class=\"elementor-element elementor-element-4465d4c elementor-invisible elementor-widget elementor-widget-image\" data-id=\"4465d4c\" data-element_type=\"widget\" data-e-type=\"widget\" data-settings=\"{&quot;_animation&quot;:&quot;zoomInDown&quot;}\" data-widget_type=\"image.default\">\n\t\t\t\t<div class=\"elementor-widget-container\">\n\t\t\t\t\t\t\t\t\t\t\t\t\t\t\t\t<a href=\"https:\/\/innovationhive.eu\/\">\n\t\t\t\t\t\t\t<img decoding=\"async\" width=\"180\" height=\"180\" src=\"https:\/\/young-entrepreneurs-guild.eu\/wp-content\/uploads\/2022\/07\/vv.png\" class=\"attachment-large size-large wp-image-632\" alt=\"\" srcset=\"https:\/\/young-entrepreneurs-guild.eu\/wp-content\/uploads\/2022\/07\/vv.png 180w, https:\/\/young-entrepreneurs-guild.eu\/wp-content\/uploads\/2022\/07\/vv-150x150.png 150w\" sizes=\"(max-width: 180px) 100vw, 180px\" \/>\t\t\t\t\t\t\t\t<\/a>\n\t\t\t\t\t\t\t\t\t\t\t\t\t\t\t<\/div>\n\t\t\t\t<\/div>\n\t\t\t\t<div class=\"elementor-element elementor-element-2666f6d elementor-widget elementor-widget-heading\" data-id=\"2666f6d\" data-element_type=\"widget\" data-e-type=\"widget\" data-widget_type=\"heading.default\">\n\t\t\t\t<div class=\"elementor-widget-container\">\n\t\t\t\t\t<h2 class=\"elementor-heading-title elementor-size-default\">Innovation Hive \ud83c\uddec\ud83c\uddf7<\/h2>\t\t\t\t<\/div>\n\t\t\t\t<\/div>\n\t\t\t\t<div class=\"elementor-element elementor-element-0cc5714 elementor-widget elementor-widget-spacer\" data-id=\"0cc5714\" data-element_type=\"widget\" data-e-type=\"widget\" data-widget_type=\"spacer.default\">\n\t\t\t\t<div class=\"elementor-widget-container\">\n\t\t\t\t\t\t\t<div class=\"elementor-spacer\">\n\t\t\t<div class=\"elementor-spacer-inner\"><\/div>\n\t\t<\/div>\n\t\t\t\t\t\t<\/div>\n\t\t\t\t<\/div>\n\t\t\t\t<div class=\"elementor-element elementor-element-d4594d0 elementor-widget elementor-widget-text-editor\" data-id=\"d4594d0\" data-element_type=\"widget\" data-e-type=\"widget\" data-widget_type=\"text-editor.default\">\n\t\t\t\t<div class=\"elementor-widget-container\">\n\t\t\t\t\t\t\t\t\t<p>Innovation Hive este o organiza\u021bie non-profit privat\u0103 situat\u0103 \u00een Grecia, specializat\u0103 \u00een domeniile cercet\u0103rii \u0219i inova\u021biei. Ac\u021biunile noastre urm\u0103resc s\u0103 contribuie la \u00eembun\u0103t\u0103\u021birea coeziunii economice \u0219i sociale a societ\u0103\u021bilor europene, \u00een timp ce scopul nostru este s\u0103 g\u0103sim solu\u021bii la noile provoc\u0103ri de inovare, s\u0103 ob\u021binem cre\u0219tere, durabilitate \u0219i s\u0103 maximiz\u0103m impactul asupra societ\u0103\u021bii. Filosofia organiza\u021biei pentru atingerea acestor obiective se bazeaz\u0103 pe metodologii de co-creare \u0219i o abordare \u00een patru direc\u021bii. Implicarea p\u0103r\u021bilor interesate din industrie, \u0219tiin\u021b\u0103 \u0219i societate are ca scop crearea de leg\u0103turi \u00eentre \u00eentreprinderi, mediul academic \u0219i actorii civici, pentru a dezvolta o combina\u021bie de cuno\u0219tin\u021be, abilit\u0103\u021bi, instrumente, valori \u0219i motiva\u021bie. Scopul final este de a aduce o schimbare \u00een societ\u0103\u021bile locale \u0219i de a avea succes la cel mai \u00eenalt nivel, urm\u00e2nd principiile conceptelor de inovare social\u0103.<\/p>\t\t\t\t\t\t\t\t<\/div>\n\t\t\t\t<\/div>\n\t\t\t\t<div class=\"elementor-element elementor-element-ab3c1f3 elementor-widget elementor-widget-spacer\" data-id=\"ab3c1f3\" data-element_type=\"widget\" data-e-type=\"widget\" data-widget_type=\"spacer.default\">\n\t\t\t\t<div class=\"elementor-widget-container\">\n\t\t\t\t\t\t\t<div class=\"elementor-spacer\">\n\t\t\t<div class=\"elementor-spacer-inner\"><\/div>\n\t\t<\/div>\n\t\t\t\t\t\t<\/div>\n\t\t\t\t<\/div>\n\t\t\t\t<div class=\"elementor-element elementor-element-41ef70f elementor-invisible elementor-widget elementor-widget-image\" data-id=\"41ef70f\" data-element_type=\"widget\" data-e-type=\"widget\" data-settings=\"{&quot;_animation&quot;:&quot;zoomInDown&quot;}\" data-widget_type=\"image.default\">\n\t\t\t\t<div class=\"elementor-widget-container\">\n\t\t\t\t\t\t\t\t\t\t\t\t\t\t\t\t<a href=\"https:\/\/csicy.com\/\">\n\t\t\t\t\t\t\t<img decoding=\"async\" width=\"186\" height=\"186\" src=\"https:\/\/young-entrepreneurs-guild.eu\/wp-content\/uploads\/2022\/07\/logo-3.png\" class=\"attachment-large size-large wp-image-157\" alt=\"\" srcset=\"https:\/\/young-entrepreneurs-guild.eu\/wp-content\/uploads\/2022\/07\/logo-3.png 186w, https:\/\/young-entrepreneurs-guild.eu\/wp-content\/uploads\/2022\/07\/logo-3-150x150.png 150w\" sizes=\"(max-width: 186px) 100vw, 186px\" \/>\t\t\t\t\t\t\t\t<\/a>\n\t\t\t\t\t\t\t\t\t\t\t\t\t\t\t<\/div>\n\t\t\t\t<\/div>\n\t\t\t\t<div class=\"elementor-element elementor-element-0f4f392 elementor-widget elementor-widget-heading\" data-id=\"0f4f392\" data-element_type=\"widget\" data-e-type=\"widget\" data-widget_type=\"heading.default\">\n\t\t\t\t<div class=\"elementor-widget-container\">\n\t\t\t\t\t<h2 class=\"elementor-heading-title elementor-size-default\">Center of Social Innovation \ud83c\udde8\ud83c\uddfe<\/h2>\t\t\t\t<\/div>\n\t\t\t\t<\/div>\n\t\t\t\t<div class=\"elementor-element elementor-element-046d20c elementor-widget elementor-widget-spacer\" data-id=\"046d20c\" data-element_type=\"widget\" data-e-type=\"widget\" data-widget_type=\"spacer.default\">\n\t\t\t\t<div class=\"elementor-widget-container\">\n\t\t\t\t\t\t\t<div class=\"elementor-spacer\">\n\t\t\t<div class=\"elementor-spacer-inner\"><\/div>\n\t\t<\/div>\n\t\t\t\t\t\t<\/div>\n\t\t\t\t<\/div>\n\t\t\t\t<div class=\"elementor-element elementor-element-91debce elementor-widget elementor-widget-text-editor\" data-id=\"91debce\" data-element_type=\"widget\" data-e-type=\"widget\" data-widget_type=\"text-editor.default\">\n\t\t\t\t<div class=\"elementor-widget-container\">\n\t\t\t\t\t\t\t\t\t<p>Suntem o echip\u0103 de profesioni\u0219ti cu peste 50 de ani de experien\u021b\u0103 colectiv\u0103 \u00een domeniile educa\u021biei, ra\u021bionaliz\u0103rii sistemului, tehnologiilor informa\u021biei \u0219i comunica\u021biilor, antreprenoriatului, inova\u021biei sociale, procesului global de s\u0103n\u0103tate \u2013 \u0219tiin\u021be ale vie\u021bii, interven\u021bie criminalistic\u0103 \u00een afaceri, dezvoltare \u0219i motivare a tinerilor \u0219i realinierea resurselor cu scopuri \u0219i obiective. Membrii echipei noastre fondatoare au lucrat pe trei continente \u0219i au colaborat cu organiza\u021bii \u0219i persoane din diferite \u021b\u0103ri. De asemenea, ace\u0219tia au lucrat \u00een domeniile capitalului propriu \u0219i capitalului de risc, aduc\u00e2nd contribu\u021bii semnificative \u00een dezvoltarea unui num\u0103r de afaceri din diverse domenii. Ei aduc toat\u0103 aceast\u0103 experien\u021b\u0103 \u00een sprijinul identific\u0103rii problemelor sistemice \u0219i \u00een dezvoltarea \u0219i implementarea de solu\u021bii inteligente \u0219i durabile pentru probleme sociale dificile.<\/p>\t\t\t\t\t\t\t\t<\/div>\n\t\t\t\t<\/div>\n\t\t\t\t<div class=\"elementor-element elementor-element-f1926b1 elementor-widget elementor-widget-spacer\" data-id=\"f1926b1\" data-element_type=\"widget\" data-e-type=\"widget\" data-widget_type=\"spacer.default\">\n\t\t\t\t<div class=\"elementor-widget-container\">\n\t\t\t\t\t\t\t<div class=\"elementor-spacer\">\n\t\t\t<div class=\"elementor-spacer-inner\"><\/div>\n\t\t<\/div>\n\t\t\t\t\t\t<\/div>\n\t\t\t\t<\/div>\n\t\t\t\t<div class=\"elementor-element elementor-element-c48c9ca elementor-invisible elementor-widget elementor-widget-image\" data-id=\"c48c9ca\" data-element_type=\"widget\" data-e-type=\"widget\" data-settings=\"{&quot;_animation&quot;:&quot;zoomInDown&quot;}\" data-widget_type=\"image.default\">\n\t\t\t\t<div class=\"elementor-widget-container\">\n\t\t\t\t\t\t\t\t\t\t\t\t\t\t\t\t<a href=\"https:\/\/minevaganti.org\/en\/\">\n\t\t\t\t\t\t\t<img loading=\"lazy\" decoding=\"async\" width=\"186\" height=\"186\" src=\"https:\/\/young-entrepreneurs-guild.eu\/wp-content\/uploads\/2022\/07\/logo-4.png\" class=\"attachment-large size-large wp-image-158\" alt=\"\" srcset=\"https:\/\/young-entrepreneurs-guild.eu\/wp-content\/uploads\/2022\/07\/logo-4.png 186w, https:\/\/young-entrepreneurs-guild.eu\/wp-content\/uploads\/2022\/07\/logo-4-150x150.png 150w\" sizes=\"(max-width: 186px) 100vw, 186px\" \/>\t\t\t\t\t\t\t\t<\/a>\n\t\t\t\t\t\t\t\t\t\t\t\t\t\t\t<\/div>\n\t\t\t\t<\/div>\n\t\t\t\t<div class=\"elementor-element elementor-element-001719a elementor-widget elementor-widget-heading\" data-id=\"001719a\" data-element_type=\"widget\" data-e-type=\"widget\" data-widget_type=\"heading.default\">\n\t\t\t\t<div class=\"elementor-widget-container\">\n\t\t\t\t\t<h2 class=\"elementor-heading-title elementor-size-default\">Mine Vaganti NGO \ud83c\uddee\ud83c\uddf9<\/h2>\t\t\t\t<\/div>\n\t\t\t\t<\/div>\n\t\t\t\t<div class=\"elementor-element elementor-element-b398b3f elementor-widget elementor-widget-spacer\" data-id=\"b398b3f\" data-element_type=\"widget\" data-e-type=\"widget\" data-widget_type=\"spacer.default\">\n\t\t\t\t<div class=\"elementor-widget-container\">\n\t\t\t\t\t\t\t<div class=\"elementor-spacer\">\n\t\t\t<div class=\"elementor-spacer-inner\"><\/div>\n\t\t<\/div>\n\t\t\t\t\t\t<\/div>\n\t\t\t\t<\/div>\n\t\t\t\t<div class=\"elementor-element elementor-element-a779a8c elementor-widget elementor-widget-text-editor\" data-id=\"a779a8c\" data-element_type=\"widget\" data-e-type=\"widget\" data-widget_type=\"text-editor.default\">\n\t\t\t\t<div class=\"elementor-widget-container\">\n\t\t\t\t\t\t\t\t\t<p>Mine Vaganti ONG este o organiza\u021bie non-profit n\u0103scut\u0103 \u00een 2009, \u00een Sardinia. MVNGO are sedii \u00een Sassari, Sennori, Tempio Pausania, Vicenza \u0219i Berlin, \u0219i face parte din 3 re\u021bele interna\u021bionale, precum YEE, ISCA \u0219i MV International. Misiune: MVNGO promoveaz\u0103 dialogul intercultural, incluziunea social\u0103 prin Sport \u0219i protec\u021bia mediului prin educa\u021bie non-formal\u0103. Servicii: MVNGO este un furnizor de formare educa\u021bional\u0103 la nivel local \u0219i european \u0219i are rol de consultant pentru organisme publice \u0219i private, \u00een vederea promov\u0103rii \u0219i dezvolt\u0103rii proiectelor europene \u0219i transcontinentale.<\/p>\t\t\t\t\t\t\t\t<\/div>\n\t\t\t\t<\/div>\n\t\t\t\t<div class=\"elementor-element elementor-element-78b8be7 elementor-widget elementor-widget-spacer\" data-id=\"78b8be7\" data-element_type=\"widget\" data-e-type=\"widget\" data-widget_type=\"spacer.default\">\n\t\t\t\t<div class=\"elementor-widget-container\">\n\t\t\t\t\t\t\t<div class=\"elementor-spacer\">\n\t\t\t<div class=\"elementor-spacer-inner\"><\/div>\n\t\t<\/div>\n\t\t\t\t\t\t<\/div>\n\t\t\t\t<\/div>\n\t\t\t\t<div class=\"elementor-element elementor-element-5f547f0 elementor-invisible elementor-widget elementor-widget-image\" data-id=\"5f547f0\" data-element_type=\"widget\" data-e-type=\"widget\" data-settings=\"{&quot;_animation&quot;:&quot;zoomInDown&quot;}\" data-widget_type=\"image.default\">\n\t\t\t\t<div class=\"elementor-widget-container\">\n\t\t\t\t\t\t\t\t\t\t\t\t\t\t\t\t<a href=\"https:\/\/mundusbulgaria.com\/en\/home\/\">\n\t\t\t\t\t\t\t<img loading=\"lazy\" decoding=\"async\" width=\"186\" height=\"186\" src=\"https:\/\/young-entrepreneurs-guild.eu\/wp-content\/uploads\/2022\/07\/logo-5.png\" class=\"attachment-large size-large wp-image-159\" alt=\"\" srcset=\"https:\/\/young-entrepreneurs-guild.eu\/wp-content\/uploads\/2022\/07\/logo-5.png 186w, https:\/\/young-entrepreneurs-guild.eu\/wp-content\/uploads\/2022\/07\/logo-5-150x150.png 150w\" sizes=\"(max-width: 186px) 100vw, 186px\" \/>\t\t\t\t\t\t\t\t<\/a>\n\t\t\t\t\t\t\t\t\t\t\t\t\t\t\t<\/div>\n\t\t\t\t<\/div>\n\t\t\t\t<div class=\"elementor-element elementor-element-011a4d9 elementor-widget elementor-widget-heading\" data-id=\"011a4d9\" data-element_type=\"widget\" data-e-type=\"widget\" data-widget_type=\"heading.default\">\n\t\t\t\t<div class=\"elementor-widget-container\">\n\t\t\t\t\t<h2 class=\"elementor-heading-title elementor-size-default\">Mundus Bulgaria \ud83c\udde7\ud83c\uddec<\/h2>\t\t\t\t<\/div>\n\t\t\t\t<\/div>\n\t\t\t\t<div class=\"elementor-element elementor-element-7374f46 elementor-widget elementor-widget-spacer\" data-id=\"7374f46\" data-element_type=\"widget\" data-e-type=\"widget\" data-widget_type=\"spacer.default\">\n\t\t\t\t<div class=\"elementor-widget-container\">\n\t\t\t\t\t\t\t<div class=\"elementor-spacer\">\n\t\t\t<div class=\"elementor-spacer-inner\"><\/div>\n\t\t<\/div>\n\t\t\t\t\t\t<\/div>\n\t\t\t\t<\/div>\n\t\t\t\t<div class=\"elementor-element elementor-element-13c7721 elementor-widget elementor-widget-text-editor\" data-id=\"13c7721\" data-element_type=\"widget\" data-e-type=\"widget\" data-widget_type=\"text-editor.default\">\n\t\t\t\t<div class=\"elementor-widget-container\">\n\t\t\t\t\t\t\t\t\t<p>Asocia\u021bia Mundus Bulgaria este o organiza\u021bie neguvernamental\u0103, \u00eenfiin\u021bat\u0103 \u00een 2017, care face parte din re\u021beaua interna\u021bional\u0103 Association Mundus, cu sediul \u00een Spania. Oper\u0103m \u00een principal \u00een sectoarele sportului \u0219i educa\u021biei, cu scopul de a sprijini utilizarea educa\u021biei non-formale \u00een diferite institu\u021bii, astfel \u00eenc\u00e2t acestea s\u0103 poat\u0103 integra mai bine valorile europene de baz\u0103. Ne concentr\u0103m pe implementarea diferitelor proiecte Erasmus+ \u00eentr-o varietate de sectoare, \u00een general care privesc tinerii, deoarece scopul nostru principal este de a crea mai multe oportunit\u0103\u021bi pentru tineri, la scar\u0103 interna\u021bional\u0103, pentru a-\u0219i dezvolta abilit\u0103\u021bile profesionale, sociale \u0219i personale.<\/p>\t\t\t\t\t\t\t\t<\/div>\n\t\t\t\t<\/div>\n\t\t\t\t<div class=\"elementor-element elementor-element-59f4434 elementor-widget elementor-widget-spacer\" data-id=\"59f4434\" data-element_type=\"widget\" data-e-type=\"widget\" data-widget_type=\"spacer.default\">\n\t\t\t\t<div class=\"elementor-widget-container\">\n\t\t\t\t\t\t\t<div class=\"elementor-spacer\">\n\t\t\t<div class=\"elementor-spacer-inner\"><\/div>\n\t\t<\/div>\n\t\t\t\t\t\t<\/div>\n\t\t\t\t<\/div>\n\t\t\t\t<div class=\"elementor-element elementor-element-068e135 elementor-invisible elementor-widget elementor-widget-image\" data-id=\"068e135\" data-element_type=\"widget\" data-e-type=\"widget\" data-settings=\"{&quot;_animation&quot;:&quot;zoomInDown&quot;}\" data-widget_type=\"image.default\">\n\t\t\t\t<div class=\"elementor-widget-container\">\n\t\t\t\t\t\t\t\t\t\t\t\t\t\t\t\t<a href=\"https:\/\/centrulacces.blogspot.com\/\">\n\t\t\t\t\t\t\t<img loading=\"lazy\" decoding=\"async\" width=\"186\" height=\"186\" src=\"https:\/\/young-entrepreneurs-guild.eu\/wp-content\/uploads\/2022\/07\/logo-6.png\" class=\"attachment-large size-large wp-image-162\" alt=\"\" srcset=\"https:\/\/young-entrepreneurs-guild.eu\/wp-content\/uploads\/2022\/07\/logo-6.png 186w, https:\/\/young-entrepreneurs-guild.eu\/wp-content\/uploads\/2022\/07\/logo-6-150x150.png 150w\" sizes=\"(max-width: 186px) 100vw, 186px\" \/>\t\t\t\t\t\t\t\t<\/a>\n\t\t\t\t\t\t\t\t\t\t\t\t\t\t\t<\/div>\n\t\t\t\t<\/div>\n\t\t\t\t<div class=\"elementor-element elementor-element-a058a58 elementor-widget elementor-widget-heading\" data-id=\"a058a58\" data-element_type=\"widget\" data-e-type=\"widget\" data-widget_type=\"heading.default\">\n\t\t\t\t<div class=\"elementor-widget-container\">\n\t\t\t\t\t<h2 class=\"elementor-heading-title elementor-size-default\">ACCES \ud83c\uddf7\ud83c\uddf4<\/h2>\t\t\t\t<\/div>\n\t\t\t\t<\/div>\n\t\t\t\t<div class=\"elementor-element elementor-element-d6c7a3c elementor-widget elementor-widget-spacer\" data-id=\"d6c7a3c\" data-element_type=\"widget\" data-e-type=\"widget\" data-widget_type=\"spacer.default\">\n\t\t\t\t<div class=\"elementor-widget-container\">\n\t\t\t\t\t\t\t<div class=\"elementor-spacer\">\n\t\t\t<div class=\"elementor-spacer-inner\"><\/div>\n\t\t<\/div>\n\t\t\t\t\t\t<\/div>\n\t\t\t\t<\/div>\n\t\t\t\t<div class=\"elementor-element elementor-element-bed251f elementor-widget elementor-widget-text-editor\" data-id=\"bed251f\" data-element_type=\"widget\" data-e-type=\"widget\" data-widget_type=\"text-editor.default\">\n\t\t\t\t<div class=\"elementor-widget-container\">\n\t\t\t\t\t\t\t\t\t<p>Principalul obiectiv al asocia\u021biei noastre este de a \u00eemputernici tinerii, astfel \u00eenc\u00e2t ace\u0219tia s\u0103 poat\u0103 ac\u021biona \u0219i s\u0103 aduc\u0103 o schimbare \u00een bine \u00een lumea \u00een care tr\u0103iesc. Acest obiectiv se reflect\u0103 \u00een activit\u0103\u021bile \u0219i ini\u021biativele anterioare ale asocia\u021biei. Asocia\u021bia a coordonat \u0219i a organizat schimburi de tineri care \u0219i-au propus promovarea valorilor etice \u0219i spirituale comune, promovarea incluziunii sociale \u0219i diversitatea, contribu\u021bia la cre\u0219terea oportunit\u0103\u021bilor de angajare pentru tineri, oferirea de sprijin \u00een voluntariat \u0219i formare pentru NEET. Proiectele au avut rezultate foarte bune, datorate pasiunii \u0219i devotamentului tinerilor de a l\u0103sa o amprent\u0103 pozitiv\u0103 semnificativ\u0103 asupra celorlal\u021bi tineri cu care au interac\u021bionat \u0219i au colaborat prin metode non-formale.\u00a0<\/p><p>Aceste proiecte au avut un impact major asupra voluntarilor no\u0219tri, deoarece au contribuit la \u00eencrederea lor \u00een propriile puteri atunci c\u00e2nd au v\u0103zut rezultatele proiectului. Membrii ACCES sunt extrem de motiva\u021bi s\u0103 ajute al\u021bi tineri din comunitatea lor \u0219i din alte comunit\u0103\u021bi s\u0103 urmeze calea cea mai bun\u0103 pentru viitorul lor, cu ajutorul cuno\u0219tin\u021belor solide, experien\u021bei de \u00eenv\u0103\u021bare prin practic\u0103 \u0219i motivelor potrivite pentru a reu\u0219i \u00een via\u021b\u0103. Asocia\u021bia organizeaz\u0103 \u00eent\u00e2lniri periodice la Centrul de Tineret din localitate, unde discut\u0103m idei, \u00eemp\u0103rt\u0103\u0219im noi informa\u021bii \u0219i discut\u0103m posibilele direc\u021bii \u00een care ne putem \u00eendrepta pentru a putea aduce cele mai mari schimb\u0103ri \u00een comunitate.<\/p>\t\t\t\t\t\t\t\t<\/div>\n\t\t\t\t<\/div>\n\t\t\t\t<div class=\"elementor-element elementor-element-71128a4 elementor-widget elementor-widget-spacer\" data-id=\"71128a4\" data-element_type=\"widget\" data-e-type=\"widget\" data-widget_type=\"spacer.default\">\n\t\t\t\t<div class=\"elementor-widget-container\">\n\t\t\t\t\t\t\t<div class=\"elementor-spacer\">\n\t\t\t<div class=\"elementor-spacer-inner\"><\/div>\n\t\t<\/div>\n\t\t\t\t\t\t<\/div>\n\t\t\t\t<\/div>\n\t\t\t\t\t<\/div>\n\t\t<\/div>\n\t\t\t\t\t<\/div>\n\t\t<\/section>\n\t\t\t\t<section class=\"elementor-section elementor-top-section elementor-element elementor-element-b2ebd1c elementor-section-boxed elementor-section-height-default elementor-section-height-default\" data-id=\"b2ebd1c\" data-element_type=\"section\" data-e-type=\"section\">\n\t\t\t\t\t\t<div class=\"elementor-container elementor-column-gap-default\">\n\t\t\t\t\t<div class=\"elementor-column elementor-col-33 elementor-top-column elementor-element elementor-element-a4b17a6\" data-id=\"a4b17a6\" data-element_type=\"column\" data-e-type=\"column\">\n\t\t\t<div class=\"elementor-widget-wrap elementor-element-populated\">\n\t\t\t\t\t\t<div class=\"elementor-element elementor-element-88b3865 elementor-widget elementor-widget-spacer\" data-id=\"88b3865\" data-element_type=\"widget\" data-e-type=\"widget\" data-widget_type=\"spacer.default\">\n\t\t\t\t<div class=\"elementor-widget-container\">\n\t\t\t\t\t\t\t<div class=\"elementor-spacer\">\n\t\t\t<div class=\"elementor-spacer-inner\"><\/div>\n\t\t<\/div>\n\t\t\t\t\t\t<\/div>\n\t\t\t\t<\/div>\n\t\t\t\t<div class=\"elementor-element elementor-element-8366a51 elementor-widget elementor-widget-image\" data-id=\"8366a51\" data-element_type=\"widget\" data-e-type=\"widget\" data-widget_type=\"image.default\">\n\t\t\t\t<div class=\"elementor-widget-container\">\n\t\t\t\t\t\t\t\t\t\t\t\t\t\t\t<img loading=\"lazy\" decoding=\"async\" width=\"300\" height=\"63\" src=\"https:\/\/young-entrepreneurs-guild.eu\/wp-content\/uploads\/2022\/07\/EN_Co-funded_by_the_EU_PANTONE__1_-removebg-preview-1024x215-1-300x63.png\" class=\"attachment-medium size-medium wp-image-178\" alt=\"\" srcset=\"https:\/\/young-entrepreneurs-guild.eu\/wp-content\/uploads\/2022\/07\/EN_Co-funded_by_the_EU_PANTONE__1_-removebg-preview-1024x215-1-300x63.png 300w, https:\/\/young-entrepreneurs-guild.eu\/wp-content\/uploads\/2022\/07\/EN_Co-funded_by_the_EU_PANTONE__1_-removebg-preview-1024x215-1-768x161.png 768w, https:\/\/young-entrepreneurs-guild.eu\/wp-content\/uploads\/2022\/07\/EN_Co-funded_by_the_EU_PANTONE__1_-removebg-preview-1024x215-1-720x151.png 720w, https:\/\/young-entrepreneurs-guild.eu\/wp-content\/uploads\/2022\/07\/EN_Co-funded_by_the_EU_PANTONE__1_-removebg-preview-1024x215-1.png 1024w\" sizes=\"(max-width: 300px) 100vw, 300px\" \/>\t\t\t\t\t\t\t\t\t\t\t\t\t\t\t<\/div>\n\t\t\t\t<\/div>\n\t\t\t\t<div class=\"elementor-element elementor-element-9d5c389 elementor-widget elementor-widget-text-editor\" data-id=\"9d5c389\" data-element_type=\"widget\" data-e-type=\"widget\" data-widget_type=\"text-editor.default\">\n\t\t\t\t<div class=\"elementor-widget-container\">\n\t\t\t\t\t\t\t\t\t<p>Finan\u021bat de Uniunea European\u0103. Punctele de vedere \u0219i opiniile exprimate apar\u021bin, \u00eens\u0103, exclusiv autorului (autorilor) \u0219i nu reflect\u0103 neap\u0103rat punctele de vedere \u0219i opiniile Uniunii Europene sau ale Agen\u021biei Executive Europene pentru Educa\u021bie \u0219i Cultur\u0103 (EACEA). Nici Uniunea European\u0103 \u0219i nici EACEA nu pot fi considerate r\u0103spunz\u0103toare pentru acestea. 2021-1-PL01-KA220-YOU-000029030<\/p>\t\t\t\t\t\t\t\t<\/div>\n\t\t\t\t<\/div>\n\t\t\t\t\t<\/div>\n\t\t<\/div>\n\t\t\t\t<div class=\"elementor-column elementor-col-33 elementor-top-column elementor-element elementor-element-fa63b5d\" data-id=\"fa63b5d\" data-element_type=\"column\" data-e-type=\"column\">\n\t\t\t<div class=\"elementor-widget-wrap\">\n\t\t\t\t\t\t\t<\/div>\n\t\t<\/div>\n\t\t\t\t<div class=\"elementor-column elementor-col-33 elementor-top-column elementor-element elementor-element-7215ba5\" data-id=\"7215ba5\" data-element_type=\"column\" data-e-type=\"column\">\n\t\t\t<div class=\"elementor-widget-wrap elementor-element-populated\">\n\t\t\t\t\t\t<div class=\"elementor-element elementor-element-64ae748 elementor-widget elementor-widget-spacer\" data-id=\"64ae748\" data-element_type=\"widget\" data-e-type=\"widget\" data-widget_type=\"spacer.default\">\n\t\t\t\t<div class=\"elementor-widget-container\">\n\t\t\t\t\t\t\t<div class=\"elementor-spacer\">\n\t\t\t<div class=\"elementor-spacer-inner\"><\/div>\n\t\t<\/div>\n\t\t\t\t\t\t<\/div>\n\t\t\t\t<\/div>\n\t\t\t\t<div class=\"elementor-element elementor-element-bc7e3e0 elementor-widget elementor-widget-image\" data-id=\"bc7e3e0\" data-element_type=\"widget\" data-e-type=\"widget\" data-widget_type=\"image.default\">\n\t\t\t\t<div class=\"elementor-widget-container\">\n\t\t\t\t\t\t\t\t\t\t\t\t\t\t\t<img loading=\"lazy\" decoding=\"async\" width=\"243\" height=\"84\" src=\"https:\/\/young-entrepreneurs-guild.eu\/wp-content\/uploads\/2022\/07\/YEG-logo-small-whiteback.png\" class=\"attachment-medium size-medium wp-image-276\" alt=\"\" \/>\t\t\t\t\t\t\t\t\t\t\t\t\t\t\t<\/div>\n\t\t\t\t<\/div>\n\t\t\t\t<div class=\"elementor-element elementor-element-00556cc elementor-widget elementor-widget-text-editor\" data-id=\"00556cc\" data-element_type=\"widget\" data-e-type=\"widget\" data-widget_type=\"text-editor.default\">\n\t\t\t\t<div class=\"elementor-widget-container\">\n\t\t\t\t\t\t\t\t\t<a style=\"color: black;\" href=\"https:\/\/young-entrepreneurs-guild.eu\/?page_id=186\" target=\"_blank\" rel=\"noopener\">Terms of Use<\/a>\t\t\t\t\t\t\t\t<\/div>\n\t\t\t\t<\/div>\n\t\t\t\t<div class=\"elementor-element elementor-element-94dea42 elementor-shape-circle e-grid-align-right elementor-grid-0 elementor-widget elementor-widget-social-icons\" data-id=\"94dea42\" data-element_type=\"widget\" data-e-type=\"widget\" data-widget_type=\"social-icons.default\">\n\t\t\t\t<div class=\"elementor-widget-container\">\n\t\t\t\t\t\t\t<div class=\"elementor-social-icons-wrapper elementor-grid\">\n\t\t\t\t\t\t\t<span class=\"elementor-grid-item\">\n\t\t\t\t\t<a class=\"elementor-icon elementor-social-icon elementor-social-icon-facebook elementor-repeater-item-eff31d5\" target=\"_blank\">\n\t\t\t\t\t\t<span class=\"elementor-screen-only\">Facebook<\/span>\n\t\t\t\t\t\t<i aria-hidden=\"true\" class=\"fab fa-facebook\"><\/i>\t\t\t\t\t<\/a>\n\t\t\t\t<\/span>\n\t\t\t\t\t<\/div>\n\t\t\t\t\t\t<\/div>\n\t\t\t\t<\/div>\n\t\t\t\t\t<\/div>\n\t\t<\/div>\n\t\t\t\t\t<\/div>\n\t\t<\/section>\n\t\t\t\t<section class=\"elementor-section elementor-top-section elementor-element elementor-element-d1a27e1 elementor-section-boxed elementor-section-height-default elementor-section-height-default\" data-id=\"d1a27e1\" data-element_type=\"section\" data-e-type=\"section\">\n\t\t\t\t\t\t<div class=\"elementor-container elementor-column-gap-default\">\n\t\t\t\t\t<div class=\"elementor-column elementor-col-100 elementor-top-column elementor-element elementor-element-1bc5af0\" data-id=\"1bc5af0\" data-element_type=\"column\" data-e-type=\"column\">\n\t\t\t<div class=\"elementor-widget-wrap elementor-element-populated\">\n\t\t\t\t\t\t<div class=\"elementor-element elementor-element-de1e1bc elementor-widget-divider--view-line elementor-widget elementor-widget-divider\" data-id=\"de1e1bc\" data-element_type=\"widget\" data-e-type=\"widget\" data-widget_type=\"divider.default\">\n\t\t\t\t<div class=\"elementor-widget-container\">\n\t\t\t\t\t\t\t<div class=\"elementor-divider\">\n\t\t\t<span class=\"elementor-divider-separator\">\n\t\t\t\t\t\t<\/span>\n\t\t<\/div>\n\t\t\t\t\t\t<\/div>\n\t\t\t\t<\/div>\n\t\t\t\t\t<\/div>\n\t\t<\/div>\n\t\t\t\t\t<\/div>\n\t\t<\/section>\n\t\t\t\t<section class=\"elementor-section elementor-top-section elementor-element elementor-element-61981c2 elementor-section-boxed elementor-section-height-default elementor-section-height-default\" data-id=\"61981c2\" data-element_type=\"section\" data-e-type=\"section\">\n\t\t\t\t\t\t<div class=\"elementor-container elementor-column-gap-default\">\n\t\t\t\t\t<div class=\"elementor-column elementor-col-33 elementor-top-column elementor-element elementor-element-ab2b4c2\" data-id=\"ab2b4c2\" data-element_type=\"column\" data-e-type=\"column\">\n\t\t\t<div class=\"elementor-widget-wrap elementor-element-populated\">\n\t\t\t\t\t\t<div class=\"elementor-element elementor-element-c8be631 elementor-widget elementor-widget-heading\" data-id=\"c8be631\" data-element_type=\"widget\" data-e-type=\"widget\" data-widget_type=\"heading.default\">\n\t\t\t\t<div class=\"elementor-widget-container\">\n\t\t\t\t\t<h2 class=\"elementor-heading-title elementor-size-default\">Copyright \u00a9 2022 Young Entrepreneurs Guild. All Rights Reserved<\/h2>\t\t\t\t<\/div>\n\t\t\t\t<\/div>\n\t\t\t\t\t<\/div>\n\t\t<\/div>\n\t\t\t\t<div class=\"elementor-column elementor-col-33 elementor-top-column elementor-element elementor-element-779ac2e\" data-id=\"779ac2e\" data-element_type=\"column\" data-e-type=\"column\">\n\t\t\t<div class=\"elementor-widget-wrap\">\n\t\t\t\t\t\t\t<\/div>\n\t\t<\/div>\n\t\t\t\t<div class=\"elementor-column elementor-col-33 elementor-top-column elementor-element elementor-element-5745273\" data-id=\"5745273\" data-element_type=\"column\" data-e-type=\"column\">\n\t\t\t<div class=\"elementor-widget-wrap elementor-element-populated\">\n\t\t\t\t\t\t<div class=\"elementor-element elementor-element-07c5c7c elementor-widget elementor-widget-text-editor\" data-id=\"07c5c7c\" data-element_type=\"widget\" data-e-type=\"widget\" data-widget_type=\"text-editor.default\">\n\t\t\t\t<div class=\"elementor-widget-container\">\n\t\t\t\t\t\t\t\t\t<span style=\"color: #797979; text-align: left;\">Powered by\u00a0<\/span><a style=\"color: #797979; text-align: right;\" href=\"https:\/\/innovationhive.eu\/\" target=\"_blank\" rel=\"noopener\">Innovation Hive<\/a>\t\t\t\t\t\t\t\t<\/div>\n\t\t\t\t<\/div>\n\t\t\t\t\t<\/div>\n\t\t<\/div>\n\t\t\t\t\t<\/div>\n\t\t<\/section>\n\t\t\t\t<\/div>\n\t\t","protected":false},"excerpt":{"rendered":"<p>Parteneriatul Regionalne Centrum Wolontariatu \ud83c\uddf5\ud83c\uddf1 Centrul Regional de Voluntariat este una dintre cele mai active organiza\u021bii neguvernamentale care opereaz\u0103 \u00een [&hellip;]<\/p>\n","protected":false},"author":1,"featured_media":0,"parent":0,"menu_order":0,"comment_status":"closed","ping_status":"closed","template":"page-templates\/template_page-builder.php","meta":{"_monsterinsights_skip_tracking":false,"_monsterinsights_sitenote_active":false,"_monsterinsights_sitenote_note":"","_monsterinsights_sitenote_category":0,"footnotes":""},"class_list":["post-917","page","type-page","status-publish","hentry"],"aioseo_notices":[],"_links":{"self":[{"href":"https:\/\/young-entrepreneurs-guild.eu\/index.php?rest_route=\/wp\/v2\/pages\/917","targetHints":{"allow":["GET"]}}],"collection":[{"href":"https:\/\/young-entrepreneurs-guild.eu\/index.php?rest_route=\/wp\/v2\/pages"}],"about":[{"href":"https:\/\/young-entrepreneurs-guild.eu\/index.php?rest_route=\/wp\/v2\/types\/page"}],"author":[{"embeddable":true,"href":"https:\/\/young-entrepreneurs-guild.eu\/index.php?rest_route=\/wp\/v2\/users\/1"}],"replies":[{"embeddable":true,"href":"https:\/\/young-entrepreneurs-guild.eu\/index.php?rest_route=%2Fwp%2Fv2%2Fcomments&post=917"}],"version-history":[{"count":7,"href":"https:\/\/young-entrepreneurs-guild.eu\/index.php?rest_route=\/wp\/v2\/pages\/917\/revisions"}],"predecessor-version":[{"id":1115,"href":"https:\/\/young-entrepreneurs-guild.eu\/index.php?rest_route=\/wp\/v2\/pages\/917\/revisions\/1115"}],"wp:attachment":[{"href":"https:\/\/young-entrepreneurs-guild.eu\/index.php?rest_route=%2Fwp%2Fv2%2Fmedia&parent=917"}],"curies":[{"name":"wp","href":"https:\/\/api.w.org\/{rel}","templated":true}]}}